{"id":2037,"date":"2022-10-19T22:10:50","date_gmt":"2022-10-19T22:10:50","guid":{"rendered":"https:\/\/www.camarapropiedadsevilla.com\/?page_id=2037"},"modified":"2023-01-11T10:41:40","modified_gmt":"2023-01-11T10:41:40","slug":"equipo-de-expertos-inmobiliarios","status":"publish","type":"page","link":"https:\/\/www.camarapropiedadsevilla.com\/index.php\/equipo-de-expertos-inmobiliarios\/","title":{"rendered":"Equipo de expertos inmobiliarios"},"content":{"rendered":"\t\t<div data-elementor-type=\"wp-page\" data-elementor-id=\"2037\" class=\"elementor elementor-2037\" data-elementor-settings=\"[]\">\n\t\t\t\t\t\t<div class=\"elementor-inner\">\n\t\t\t\t\t\t\t<div class=\"elementor-section-wrap\">\n\t\t\t\t\t\t\t<section class=\"elementor-section elementor-top-section elementor-element elementor-element-160e0e2a elementor-section-height-min-height elementor-section-items-top elementor-section-boxed elementor-section-height-default\" data-id=\"160e0e2a\" data-element_type=\"section\" data-settings=\"{&quot;background_background&quot;:&quot;classic&quot;,&quot;background_motion_fx_translateY_effect&quot;:&quot;yes&quot;,&quot;background_motion_fx_translateY_speed&quot;:{&quot;unit&quot;:&quot;px&quot;,&quot;size&quot;:6.9,&quot;sizes&quot;:[]},&quot;background_motion_fx_motion_fx_scrolling&quot;:&quot;yes&quot;,&quot;background_motion_fx_translateY_affectedRange&quot;:{&quot;unit&quot;:&quot;%&quot;,&quot;size&quot;:&quot;&quot;,&quot;sizes&quot;:{&quot;start&quot;:50,&quot;end&quot;:100}},&quot;background_motion_fx_devices&quot;:[&quot;desktop&quot;,&quot;tablet&quot;,&quot;mobile&quot;]}\">\n\t\t\t\t\t\t\t<div class=\"elementor-background-overlay\"><\/div>\n\t\t\t\t\t\t\t<div class=\"elementor-container elementor-column-gap-no\">\n\t\t\t\t\t\t\t<div class=\"elementor-row\">\n\t\t\t\t\t<div class=\"elementor-column elementor-col-100 elementor-top-column elementor-element elementor-element-905dfcf\" data-id=\"905dfcf\" data-element_type=\"column\">\n\t\t\t<div class=\"elementor-column-wrap elementor-element-populated\">\n\t\t\t\t\t\t\t<div class=\"elementor-widget-wrap\">\n\t\t\t\t\t\t<section class=\"elementor-section elementor-inner-section elementor-element elementor-element-45ffe1c elementor-section-boxed elementor-section-height-default elementor-section-height-default\" data-id=\"45ffe1c\" data-element_type=\"section\">\n\t\t\t\t\t\t<div class=\"elementor-container elementor-column-gap-default\">\n\t\t\t\t\t\t\t<div class=\"elementor-row\">\n\t\t\t\t\t<div class=\"elementor-column elementor-col-50 elementor-inner-column elementor-element elementor-element-ed5c3a7\" data-id=\"ed5c3a7\" data-element_type=\"column\">\n\t\t\t<div class=\"elementor-column-wrap elementor-element-populated\">\n\t\t\t\t\t\t\t<div class=\"elementor-widget-wrap\">\n\t\t\t\t\t\t<div class=\"elementor-element elementor-element-851f525 elementor-widget elementor-widget-image\" data-id=\"851f525\" data-element_type=\"widget\" data-widget_type=\"image.default\">\n\t\t\t\t<div class=\"elementor-widget-container\">\n\t\t\t\t\t<div class=\"elementor-image\">\n\t\t\t\t\t\t\t\t\t\t<img width=\"272\" height=\"400\" src=\"https:\/\/www.camarapropiedadsevilla.com\/wp-content\/uploads\/2022\/03\/logo_camara.png\" class=\"attachment-large size-large\" alt=\"\" loading=\"lazy\" srcset=\"https:\/\/www.camarapropiedadsevilla.com\/wp-content\/uploads\/2022\/03\/logo_camara.png 272w, https:\/\/www.camarapropiedadsevilla.com\/wp-content\/uploads\/2022\/03\/logo_camara-204x300.png 204w\" sizes=\"(max-width: 272px) 100vw, 272px\" style=\"width:100%;height:147.06%;max-width:272px;\" \/>\t\t\t\t\t\t\t\t\t\t\t<\/div>\n\t\t\t\t<\/div>\n\t\t\t\t<\/div>\n\t\t\t\t\t\t<\/div>\n\t\t\t\t\t<\/div>\n\t\t<\/div>\n\t\t\t\t<div class=\"elementor-column elementor-col-50 elementor-inner-column elementor-element elementor-element-11126cf\" data-id=\"11126cf\" data-element_type=\"column\">\n\t\t\t<div class=\"elementor-column-wrap elementor-element-populated\">\n\t\t\t\t\t\t\t<div class=\"elementor-widget-wrap\">\n\t\t\t\t\t\t<div class=\"elementor-element elementor-element-c1d27ea elementor-nav-menu__align-center elementor-nav-menu--indicator-none elementor-nav-menu--stretch elementor-nav-menu--dropdown-tablet elementor-nav-menu__text-align-aside elementor-nav-menu--toggle elementor-nav-menu--burger elementor-widget elementor-widget-nav-menu\" data-id=\"c1d27ea\" data-element_type=\"widget\" data-settings=\"{&quot;full_width&quot;:&quot;stretch&quot;,&quot;layout&quot;:&quot;horizontal&quot;,&quot;toggle&quot;:&quot;burger&quot;}\" data-widget_type=\"nav-menu.default\">\n\t\t\t\t<div class=\"elementor-widget-container\">\n\t\t\t\t\t\t<nav role=\"navigation\" class=\"elementor-nav-menu--main elementor-nav-menu__container elementor-nav-menu--layout-horizontal e--pointer-framed e--animation-corners\"><ul id=\"menu-1-c1d27ea\" class=\"elementor-nav-menu\"><li class=\"menu-item menu-item-type-post_type menu-item-object-page menu-item-home menu-item-1890\"><a href=\"https:\/\/www.camarapropiedadsevilla.com\/\" class=\"elementor-item\">Inicio<\/a><\/li>\n<li class=\"menu-item menu-item-type-post_type menu-item-object-page menu-item-home menu-item-has-children menu-item-1883\"><a href=\"https:\/\/www.camarapropiedadsevilla.com\/\" class=\"elementor-item\">Servicios<\/a><button class=\"sub-menu-toggle\" aria-expanded=\"false\" onClick=\"twentytwentyoneExpandSubMenu(this)\"><span class=\"icon-plus\"><svg class=\"svg-icon\" width=\"18\" height=\"18\" aria-hidden=\"true\" role=\"img\" focusable=\"false\" viewBox=\"0 0 24 24\" fill=\"none\" xmlns=\"http:\/\/www.w3.org\/2000\/svg\"><path fill-rule=\"evenodd\" clip-rule=\"evenodd\" d=\"M18 11.2h-5.2V6h-1.6v5.2H6v1.6h5.2V18h1.6v-5.2H18z\" fill=\"currentColor\"\/><\/svg><\/span><span class=\"icon-minus\"><svg class=\"svg-icon\" width=\"18\" height=\"18\" aria-hidden=\"true\" role=\"img\" focusable=\"false\" viewBox=\"0 0 24 24\" fill=\"none\" xmlns=\"http:\/\/www.w3.org\/2000\/svg\"><path fill-rule=\"evenodd\" clip-rule=\"evenodd\" d=\"M6 11h12v2H6z\" fill=\"currentColor\"\/><\/svg><\/span><span class=\"screen-reader-text\">Abrir el men\u00fa<\/span><\/button>\n<ul class=\"sub-menu elementor-nav-menu--dropdown\">\n\t<li class=\"menu-item menu-item-type-post_type menu-item-object-page menu-item-1884\"><a href=\"https:\/\/www.camarapropiedadsevilla.com\/index.php\/asesoria-legal-y-juridica\/\" class=\"elementor-sub-item\">Asesor\u00eda Legal y Jur\u00eddica<\/a><\/li>\n\t<li class=\"menu-item menu-item-type-post_type menu-item-object-page menu-item-1885\"><a href=\"https:\/\/www.camarapropiedadsevilla.com\/index.php\/servicio-de-arquitectura\/\" class=\"elementor-sub-item\">Servicio de Arquitectura<\/a><\/li>\n\t<li class=\"menu-item menu-item-type-post_type menu-item-object-page menu-item-1886\"><a href=\"https:\/\/www.camarapropiedadsevilla.com\/index.php\/administracion-de-fincas\/\" class=\"elementor-sub-item\">Administraci\u00f3n de Fincas<\/a><\/li>\n\t<li class=\"menu-item menu-item-type-post_type menu-item-object-page menu-item-1889\"><a href=\"https:\/\/www.camarapropiedadsevilla.com\/index.php\/intermediacion-inmobiliaria\/\" class=\"elementor-sub-item\">Intermediaci\u00f3n Inmobiliaria<\/a><\/li>\n<\/ul>\n<\/li>\n<li class=\"menu-item menu-item-type-custom menu-item-object-custom menu-item-1896\"><a href=\"https:\/\/inmobiliaria.camarapropiedadsevilla.com\" class=\"elementor-item\">Inmobiliaria<\/a><\/li>\n<li class=\"menu-item menu-item-type-post_type menu-item-object-page menu-item-1891\"><a href=\"https:\/\/www.camarapropiedadsevilla.com\/index.php\/hazte-socio\/\" class=\"elementor-item\">Hazte Socio<\/a><\/li>\n<li class=\"menu-item menu-item-type-post_type menu-item-object-page menu-item-1892\"><a href=\"https:\/\/www.camarapropiedadsevilla.com\/index.php\/contacto-2\/\" class=\"elementor-item\">Contacto<\/a><\/li>\n<\/ul><\/nav>\n\t\t\t\t\t<div class=\"elementor-menu-toggle\" role=\"button\" tabindex=\"0\" aria-label=\"Menu Toggle\" aria-expanded=\"false\">\n\t\t\t<i class=\"eicon-menu-bar\" aria-hidden=\"true\"><\/i>\n\t\t\t<span class=\"elementor-screen-only\">Menu<\/span>\n\t\t<\/div>\n\t\t\t<nav class=\"elementor-nav-menu--dropdown elementor-nav-menu__container\" role=\"navigation\" aria-hidden=\"true\"><ul id=\"menu-2-c1d27ea\" class=\"elementor-nav-menu\"><li class=\"menu-item menu-item-type-post_type menu-item-object-page menu-item-home menu-item-1890\"><a href=\"https:\/\/www.camarapropiedadsevilla.com\/\" class=\"elementor-item\">Inicio<\/a><\/li>\n<li class=\"menu-item menu-item-type-post_type menu-item-object-page menu-item-home menu-item-has-children menu-item-1883\"><a href=\"https:\/\/www.camarapropiedadsevilla.com\/\" class=\"elementor-item\">Servicios<\/a><button class=\"sub-menu-toggle\" aria-expanded=\"false\" onClick=\"twentytwentyoneExpandSubMenu(this)\"><span class=\"icon-plus\"><svg class=\"svg-icon\" width=\"18\" height=\"18\" aria-hidden=\"true\" role=\"img\" focusable=\"false\" viewBox=\"0 0 24 24\" fill=\"none\" xmlns=\"http:\/\/www.w3.org\/2000\/svg\"><path fill-rule=\"evenodd\" clip-rule=\"evenodd\" d=\"M18 11.2h-5.2V6h-1.6v5.2H6v1.6h5.2V18h1.6v-5.2H18z\" fill=\"currentColor\"\/><\/svg><\/span><span class=\"icon-minus\"><svg class=\"svg-icon\" width=\"18\" height=\"18\" aria-hidden=\"true\" role=\"img\" focusable=\"false\" viewBox=\"0 0 24 24\" fill=\"none\" xmlns=\"http:\/\/www.w3.org\/2000\/svg\"><path fill-rule=\"evenodd\" clip-rule=\"evenodd\" d=\"M6 11h12v2H6z\" fill=\"currentColor\"\/><\/svg><\/span><span class=\"screen-reader-text\">Abrir el men\u00fa<\/span><\/button>\n<ul class=\"sub-menu elementor-nav-menu--dropdown\">\n\t<li class=\"menu-item menu-item-type-post_type menu-item-object-page menu-item-1884\"><a href=\"https:\/\/www.camarapropiedadsevilla.com\/index.php\/asesoria-legal-y-juridica\/\" class=\"elementor-sub-item\">Asesor\u00eda Legal y Jur\u00eddica<\/a><\/li>\n\t<li class=\"menu-item menu-item-type-post_type menu-item-object-page menu-item-1885\"><a href=\"https:\/\/www.camarapropiedadsevilla.com\/index.php\/servicio-de-arquitectura\/\" class=\"elementor-sub-item\">Servicio de Arquitectura<\/a><\/li>\n\t<li class=\"menu-item menu-item-type-post_type menu-item-object-page menu-item-1886\"><a href=\"https:\/\/www.camarapropiedadsevilla.com\/index.php\/administracion-de-fincas\/\" class=\"elementor-sub-item\">Administraci\u00f3n de Fincas<\/a><\/li>\n\t<li class=\"menu-item menu-item-type-post_type menu-item-object-page menu-item-1889\"><a href=\"https:\/\/www.camarapropiedadsevilla.com\/index.php\/intermediacion-inmobiliaria\/\" class=\"elementor-sub-item\">Intermediaci\u00f3n Inmobiliaria<\/a><\/li>\n<\/ul>\n<\/li>\n<li class=\"menu-item menu-item-type-custom menu-item-object-custom menu-item-1896\"><a href=\"https:\/\/inmobiliaria.camarapropiedadsevilla.com\" class=\"elementor-item\">Inmobiliaria<\/a><\/li>\n<li class=\"menu-item menu-item-type-post_type menu-item-object-page menu-item-1891\"><a href=\"https:\/\/www.camarapropiedadsevilla.com\/index.php\/hazte-socio\/\" class=\"elementor-item\">Hazte Socio<\/a><\/li>\n<li class=\"menu-item menu-item-type-post_type menu-item-object-page menu-item-1892\"><a href=\"https:\/\/www.camarapropiedadsevilla.com\/index.php\/contacto-2\/\" class=\"elementor-item\">Contacto<\/a><\/li>\n<\/ul><\/nav>\n\t\t\t\t<\/div>\n\t\t\t\t<\/div>\n\t\t\t\t\t\t<\/div>\n\t\t\t\t\t<\/div>\n\t\t<\/div>\n\t\t\t\t\t\t\t\t<\/div>\n\t\t\t\t\t<\/div>\n\t\t<\/section>\n\t\t\t\t\t\t<\/div>\n\t\t\t\t\t<\/div>\n\t\t<\/div>\n\t\t\t\t\t\t\t\t<\/div>\n\t\t\t\t\t<\/div>\n\t\t<\/section>\n\t\t\t\t<section class=\"elementor-section elementor-top-section elementor-element elementor-element-4570dc8f elementor-section-boxed elementor-section-height-default elementor-section-height-default\" data-id=\"4570dc8f\" data-element_type=\"section\" data-settings=\"{&quot;background_background&quot;:&quot;classic&quot;}\">\n\t\t\t\t\t\t\t<div class=\"elementor-background-overlay\"><\/div>\n\t\t\t\t\t\t\t<div class=\"elementor-container elementor-column-gap-default\">\n\t\t\t\t\t\t\t<div class=\"elementor-row\">\n\t\t\t\t\t<div class=\"elementor-column elementor-col-100 elementor-top-column elementor-element elementor-element-128cf733\" data-id=\"128cf733\" data-element_type=\"column\">\n\t\t\t<div class=\"elementor-column-wrap elementor-element-populated\">\n\t\t\t\t\t\t\t<div class=\"elementor-widget-wrap\">\n\t\t\t\t\t\t<section class=\"elementor-section elementor-inner-section elementor-element elementor-element-7ad589df elementor-section-content-middle elementor-section-boxed elementor-section-height-default elementor-section-height-default\" data-id=\"7ad589df\" data-element_type=\"section\">\n\t\t\t\t\t\t<div class=\"elementor-container elementor-column-gap-no\">\n\t\t\t\t\t\t\t<div class=\"elementor-row\">\n\t\t\t\t\t<div class=\"elementor-column elementor-col-100 elementor-inner-column elementor-element elementor-element-301b8127\" data-id=\"301b8127\" data-element_type=\"column\">\n\t\t\t<div class=\"elementor-column-wrap elementor-element-populated\">\n\t\t\t\t\t\t\t<div class=\"elementor-widget-wrap\">\n\t\t\t\t\t\t<div class=\"elementor-element elementor-element-f21a4af elementor-widget elementor-widget-heading\" data-id=\"f21a4af\" data-element_type=\"widget\" data-widget_type=\"heading.default\">\n\t\t\t\t<div class=\"elementor-widget-container\">\n\t\t\t<h1 class=\"elementor-heading-title elementor-size-default\">Nuestro equipo de profesionales<\/h1>\t\t<\/div>\n\t\t\t\t<\/div>\n\t\t\t\t\t\t<\/div>\n\t\t\t\t\t<\/div>\n\t\t<\/div>\n\t\t\t\t\t\t\t\t<\/div>\n\t\t\t\t\t<\/div>\n\t\t<\/section>\n\t\t\t\t<section class=\"elementor-section elementor-inner-section elementor-element elementor-element-f2235ff elementor-section-content-middle elementor-section-boxed elementor-section-height-default elementor-section-height-default elementor-invisible\" data-id=\"f2235ff\" data-element_type=\"section\" data-settings=\"{&quot;animation&quot;:&quot;none&quot;}\">\n\t\t\t\t\t\t<div class=\"elementor-container elementor-column-gap-no\">\n\t\t\t\t\t\t\t<div class=\"elementor-row\">\n\t\t\t\t\t<div class=\"elementor-column elementor-col-100 elementor-inner-column elementor-element elementor-element-485be63\" data-id=\"485be63\" data-element_type=\"column\">\n\t\t\t<div class=\"elementor-column-wrap elementor-element-populated\">\n\t\t\t\t\t\t\t<div class=\"elementor-widget-wrap\">\n\t\t\t\t\t\t<div class=\"elementor-element elementor-element-2985db9 elementor-widget elementor-widget-gallery\" data-id=\"2985db9\" data-element_type=\"widget\" data-settings=\"{&quot;gallery_layout&quot;:&quot;masonry&quot;,&quot;overlay_title&quot;:&quot;title&quot;,&quot;overlay_description&quot;:&quot;caption&quot;,&quot;columns_mobile&quot;:3,&quot;lazyload&quot;:&quot;yes&quot;,&quot;columns&quot;:4,&quot;columns_tablet&quot;:2,&quot;gap&quot;:{&quot;unit&quot;:&quot;px&quot;,&quot;size&quot;:10,&quot;sizes&quot;:[]},&quot;gap_tablet&quot;:{&quot;unit&quot;:&quot;px&quot;,&quot;size&quot;:10,&quot;sizes&quot;:[]},&quot;gap_mobile&quot;:{&quot;unit&quot;:&quot;px&quot;,&quot;size&quot;:10,&quot;sizes&quot;:[]},&quot;link_to&quot;:&quot;file&quot;,&quot;overlay_background&quot;:&quot;yes&quot;,&quot;content_hover_animation&quot;:&quot;fade-in&quot;}\" data-widget_type=\"gallery.default\">\n\t\t\t\t<div class=\"elementor-widget-container\">\n\t\t\t\t\t<div class=\"elementor-gallery__container\">\n\t\t\t\t\t\t\t<a class=\"e-gallery-item elementor-gallery-item elementor-animated-content\" href=\"https:\/\/www.camarapropiedadsevilla.com\/wp-content\/uploads\/2022\/10\/camara-equipo-1-1.jpg\" data-elementor-open-lightbox=\"yes\" data-elementor-lightbox-slideshow=\"all-2985db9\" data-elementor-lightbox-title=\"D. Jos\u00e9 Mar\u00eda Jim\u00e9nez Portero\" data-elementor-lightbox-description=\"D. Jos\u00e9 Mar\u00eda Jim\u00e9nez Portero\">\n\t\t\t\t\t<div class=\"e-gallery-image elementor-gallery-item__image\" data-thumbnail=\"https:\/\/www.camarapropiedadsevilla.com\/wp-content\/uploads\/2022\/10\/camara-equipo-1-1-300x300.jpg\" data-width=\"300\" data-height=\"300\" alt=\"D. Jos\u00e9 Mar\u00eda Jim\u00e9nez Portero\" ><\/div>\n\t\t\t\t\t\t\t\t\t\t<div class=\"elementor-gallery-item__overlay\"><\/div>\n\t\t\t\t\t\t\t\t\t\t\t\t\t\t\t<div class=\"elementor-gallery-item__content\">\n\t\t\t\t\t\t\t\t\t\t\t\t\t<div class=\"elementor-gallery-item__title\">D. Jos\u00e9 Mar\u00eda Jim\u00e9nez Portero<\/div>\n\t\t\t\t\t\t\t\t\t\t\t\t\t\t<div class=\"elementor-gallery-item__description\">D. Jos\u00e9 Mar\u00eda Jim\u00e9nez Portero - Abogado<\/div>\n\t\t\t\t\t\t\t\t\t\t\t\t<\/div>\n\t\t\t\t\t\t\t\t\t<\/a>\n\t\t\t\t\t\t\t<a class=\"e-gallery-item elementor-gallery-item elementor-animated-content\" href=\"https:\/\/www.camarapropiedadsevilla.com\/wp-content\/uploads\/2022\/10\/camara-equipo-2-1.jpg\" data-elementor-open-lightbox=\"yes\" data-elementor-lightbox-slideshow=\"all-2985db9\" data-elementor-lightbox-title=\"Do\u00f1a Isabela Blanco Toajas\" data-elementor-lightbox-description=\"Do\u00f1a Isabela Blanco Toajas\">\n\t\t\t\t\t<div class=\"e-gallery-image elementor-gallery-item__image\" data-thumbnail=\"https:\/\/www.camarapropiedadsevilla.com\/wp-content\/uploads\/2022\/10\/camara-equipo-2-1-300x300.jpg\" data-width=\"300\" data-height=\"300\" alt=\"Do\u00f1a Isabela Blanco Toajas\" ><\/div>\n\t\t\t\t\t\t\t\t\t\t<div class=\"elementor-gallery-item__overlay\"><\/div>\n\t\t\t\t\t\t\t\t\t\t\t\t\t\t\t<div class=\"elementor-gallery-item__content\">\n\t\t\t\t\t\t\t\t\t\t\t\t\t<div class=\"elementor-gallery-item__title\">Do\u00f1a Isabela Blanco Toajas<\/div>\n\t\t\t\t\t\t\t\t\t\t\t\t\t\t<div class=\"elementor-gallery-item__description\">Procuradora<\/div>\n\t\t\t\t\t\t\t\t\t\t\t\t<\/div>\n\t\t\t\t\t\t\t\t\t<\/a>\n\t\t\t\t\t\t\t<a class=\"e-gallery-item elementor-gallery-item elementor-animated-content\" href=\"https:\/\/www.camarapropiedadsevilla.com\/wp-content\/uploads\/2022\/10\/camara-equipo-3.jpg\" data-elementor-open-lightbox=\"yes\" data-elementor-lightbox-slideshow=\"all-2985db9\" data-elementor-lightbox-title=\"D. Ferm\u00edn S\u00e1nchez L\u00f3pez\" data-elementor-lightbox-description=\"D. Ferm\u00edn S\u00e1nchez L\u00f3pez\">\n\t\t\t\t\t<div class=\"e-gallery-image elementor-gallery-item__image\" data-thumbnail=\"https:\/\/www.camarapropiedadsevilla.com\/wp-content\/uploads\/2022\/10\/camara-equipo-3-300x300.jpg\" data-width=\"300\" data-height=\"300\" alt=\"D. Ferm\u00edn S\u00e1nchez L\u00f3pez\" ><\/div>\n\t\t\t\t\t\t\t\t\t\t<div class=\"elementor-gallery-item__overlay\"><\/div>\n\t\t\t\t\t\t\t\t\t\t\t\t\t\t\t<div class=\"elementor-gallery-item__content\">\n\t\t\t\t\t\t\t\t\t\t\t\t\t<div class=\"elementor-gallery-item__title\">D. Ferm\u00edn S\u00e1nchez L\u00f3pez<\/div>\n\t\t\t\t\t\t\t\t\t\t\t\t\t\t<div class=\"elementor-gallery-item__description\">Abogado<\/div>\n\t\t\t\t\t\t\t\t\t\t\t\t<\/div>\n\t\t\t\t\t\t\t\t\t<\/a>\n\t\t\t\t\t\t\t<a class=\"e-gallery-item elementor-gallery-item elementor-animated-content\" href=\"https:\/\/www.camarapropiedadsevilla.com\/wp-content\/uploads\/2022\/10\/camara-equipo-4.jpg\" data-elementor-open-lightbox=\"yes\" data-elementor-lightbox-slideshow=\"all-2985db9\" data-elementor-lightbox-title=\"D. Aurelio G\u00f3mez De Terreros Guardiola\" data-elementor-lightbox-description=\"D. Aurelio G\u00f3mez De Terreros Guardiola\">\n\t\t\t\t\t<div class=\"e-gallery-image elementor-gallery-item__image\" data-thumbnail=\"https:\/\/www.camarapropiedadsevilla.com\/wp-content\/uploads\/2022\/10\/camara-equipo-4-300x300.jpg\" data-width=\"300\" data-height=\"300\" alt=\"D. Aurelio G\u00f3mez De Terreros Guardiola\" ><\/div>\n\t\t\t\t\t\t\t\t\t\t<div class=\"elementor-gallery-item__overlay\"><\/div>\n\t\t\t\t\t\t\t\t\t\t\t\t\t\t\t<div class=\"elementor-gallery-item__content\">\n\t\t\t\t\t\t\t\t\t\t\t\t\t<div class=\"elementor-gallery-item__title\">D. Aurelio G\u00f3mez De Terreros Guardiola<\/div>\n\t\t\t\t\t\t\t\t\t\t\t\t\t\t<div class=\"elementor-gallery-item__description\">Arquitecto<\/div>\n\t\t\t\t\t\t\t\t\t\t\t\t<\/div>\n\t\t\t\t\t\t\t\t\t<\/a>\n\t\t\t\t\t\t\t<a class=\"e-gallery-item elementor-gallery-item elementor-animated-content\" href=\"https:\/\/www.camarapropiedadsevilla.com\/wp-content\/uploads\/2022\/10\/camara-equipo-5.jpg\" data-elementor-open-lightbox=\"yes\" data-elementor-lightbox-slideshow=\"all-2985db9\" data-elementor-lightbox-title=\"D. Pedro Oliva Molina\" data-elementor-lightbox-description=\"D. Pedro Oliva Molina\">\n\t\t\t\t\t<div class=\"e-gallery-image elementor-gallery-item__image\" data-thumbnail=\"https:\/\/www.camarapropiedadsevilla.com\/wp-content\/uploads\/2022\/10\/camara-equipo-5-300x300.jpg\" data-width=\"300\" data-height=\"300\" alt=\"D. Pedro Oliva Molina\" ><\/div>\n\t\t\t\t\t\t\t\t\t\t<div class=\"elementor-gallery-item__overlay\"><\/div>\n\t\t\t\t\t\t\t\t\t\t\t\t\t\t\t<div class=\"elementor-gallery-item__content\">\n\t\t\t\t\t\t\t\t\t\t\t\t\t<div class=\"elementor-gallery-item__title\">D. Pedro Oliva Molina<\/div>\n\t\t\t\t\t\t\t\t\t\t\t\t\t\t<div class=\"elementor-gallery-item__description\">Departamento Inmobiliario<\/div>\n\t\t\t\t\t\t\t\t\t\t\t\t<\/div>\n\t\t\t\t\t\t\t\t\t<\/a>\n\t\t\t\t\t\t\t<a class=\"e-gallery-item elementor-gallery-item elementor-animated-content\" href=\"https:\/\/www.camarapropiedadsevilla.com\/wp-content\/uploads\/2022\/10\/camara-equipo-6.jpg\" data-elementor-open-lightbox=\"yes\" data-elementor-lightbox-slideshow=\"all-2985db9\" data-elementor-lightbox-title=\"D. Manuel Oliva Molina\" data-elementor-lightbox-description=\"D. Manuel Oliva Molina\">\n\t\t\t\t\t<div class=\"e-gallery-image elementor-gallery-item__image\" data-thumbnail=\"https:\/\/www.camarapropiedadsevilla.com\/wp-content\/uploads\/2022\/10\/camara-equipo-6-300x300.jpg\" data-width=\"300\" data-height=\"300\" alt=\"D. Manuel Oliva Molina\" ><\/div>\n\t\t\t\t\t\t\t\t\t\t<div class=\"elementor-gallery-item__overlay\"><\/div>\n\t\t\t\t\t\t\t\t\t\t\t\t\t\t\t<div class=\"elementor-gallery-item__content\">\n\t\t\t\t\t\t\t\t\t\t\t\t\t<div class=\"elementor-gallery-item__title\">D. Manuel Oliva Molina<\/div>\n\t\t\t\t\t\t\t\t\t\t\t\t\t\t<div class=\"elementor-gallery-item__description\">Administraci\u00f3n Fincas<\/div>\n\t\t\t\t\t\t\t\t\t\t\t\t<\/div>\n\t\t\t\t\t\t\t\t\t<\/a>\n\t\t\t\t\t\t\t<a class=\"e-gallery-item elementor-gallery-item elementor-animated-content\" href=\"https:\/\/www.camarapropiedadsevilla.com\/wp-content\/uploads\/2022\/10\/camara-equipo-7.jpg\" data-elementor-open-lightbox=\"yes\" data-elementor-lightbox-slideshow=\"all-2985db9\" data-elementor-lightbox-title=\"D. Isidro Lozano Garrido\" data-elementor-lightbox-description=\"D. Isidro Lozano Garrido\">\n\t\t\t\t\t<div class=\"e-gallery-image elementor-gallery-item__image\" data-thumbnail=\"https:\/\/www.camarapropiedadsevilla.com\/wp-content\/uploads\/2022\/10\/camara-equipo-7-300x300.jpg\" data-width=\"300\" data-height=\"300\" alt=\"D. Isidro Lozano Garrido\" ><\/div>\n\t\t\t\t\t\t\t\t\t\t<div class=\"elementor-gallery-item__overlay\"><\/div>\n\t\t\t\t\t\t\t\t\t\t\t\t\t\t\t<div class=\"elementor-gallery-item__content\">\n\t\t\t\t\t\t\t\t\t\t\t\t\t<div class=\"elementor-gallery-item__title\">D. Isidro Lozano Garrido<\/div>\n\t\t\t\t\t\t\t\t\t\t\t\t\t\t<div class=\"elementor-gallery-item__description\">Administraci\u00f3n<\/div>\n\t\t\t\t\t\t\t\t\t\t\t\t<\/div>\n\t\t\t\t\t\t\t\t\t<\/a>\n\t\t\t\t\t\t\t<a class=\"e-gallery-item elementor-gallery-item elementor-animated-content\" href=\"https:\/\/www.camarapropiedadsevilla.com\/wp-content\/uploads\/2022\/10\/camara-equipo-8-1.jpg\" data-elementor-open-lightbox=\"yes\" data-elementor-lightbox-slideshow=\"all-2985db9\" data-elementor-lightbox-title=\"camara-equipo-8\">\n\t\t\t\t\t<div class=\"e-gallery-image elementor-gallery-item__image\" data-thumbnail=\"https:\/\/www.camarapropiedadsevilla.com\/wp-content\/uploads\/2022\/10\/camara-equipo-8-1-300x300.jpg\" data-width=\"300\" data-height=\"300\" alt=\"\" ><\/div>\n\t\t\t\t\t\t\t\t\t\t<div class=\"elementor-gallery-item__overlay\"><\/div>\n\t\t\t\t\t\t\t\t\t\t\t\t\t\t\t<div class=\"elementor-gallery-item__content\">\n\t\t\t\t\t\t\t\t\t\t\t\t\t<div class=\"elementor-gallery-item__title\">camara-equipo-8<\/div>\n\t\t\t\t\t\t\t\t\t\t\t\t<\/div>\n\t\t\t\t\t\t\t\t\t<\/a>\n\t\t\t\t\t<\/div>\n\t\t\t<\/div>\n\t\t\t\t<\/div>\n\t\t\t\t\t\t<\/div>\n\t\t\t\t\t<\/div>\n\t\t<\/div>\n\t\t\t\t\t\t\t\t<\/div>\n\t\t\t\t\t<\/div>\n\t\t<\/section>\n\t\t\t\t<div class=\"elementor-element elementor-element-2aea5e34 elementor-widget elementor-widget-text-editor\" data-id=\"2aea5e34\" data-element_type=\"widget\" data-widget_type=\"text-editor.default\">\n\t\t\t\t<div class=\"elementor-widget-container\">\n\t\t\t\t\t<div class=\"elementor-text-editor elementor-clearfix\"><div class=\"boca_juridico ocultarMobile\">\n<p><strong>ASESOR\u00cdA Y SERVICIOS JUR\u00cdDICOS.&nbsp;<\/strong><\/p>\n<p><\/p>\n<p>Est\u00e1 integrada por profesionales del Derecho, pertenecientes a los Colegios profesionales de Abogados y Procuradores de Sevilla.<\/p><p><br><\/p>\n<p><\/p>\n<p>D. Ferm\u00edn S\u00e1nchez L\u00f3pez.<br>Abogado.<\/p><p><br><\/p>\n<p><\/p>\n<p><a href=\"https:\/\/www.camarapropiedadsevilla.com\/index.php\/jose-maria-jimenez-portero-sevilla\/\">D. Jos\u00e9 Mar\u00eda Jim\u00e9nez Portero.<br><\/a>Abogado.<\/p><p><br><\/p>\n<p><\/p>\n<p>Do\u00f1a Isabela Blanco Toajas.<br>Procuradora.<\/p><p><br><\/p>\n<p><\/p>\n<p>Estos profesionales forman parte del equipo jur\u00eddico de nuestra entidad desde 1.996, fecha de su creaci\u00f3n y fundaci\u00f3n, tras la supresi\u00f3n liquidaci\u00f3n y desaparici\u00f3n de las C\u00e1maras Oficiales de la Propiedad Urbana de Andaluc\u00eda.<\/p><p><br><\/p>\n<p><\/p>\n<p>El equipo jur\u00eddico tiene una amplia experiencia profesional y est\u00e1 especializado en el campo de los arrendamientos urbanos y la propiedad horizontal, en su m\u00e1s amplio sentido, siendo en estas materias, entre otras directamente relacionadas, el \u00e1mbito m\u00e1s relevante de actuaci\u00f3n de la C\u00e1mara de la Propiedad.<\/p><p><br><\/p>\n<p><\/p>\n<p>Los Letrados y la Procuradora, atienden a sus asociados, pasando consultas diariamente en la sede oficial de la C\u00e1mara de la Propiedad, as\u00ed como plantean, en nombre y defensa de los intereses de estos, todo tipo de procedimientos judiciales en materia de arrendamientos y comunidades de propietarios.<\/p><p><br><\/p>\n<p><\/p>\n<p>D. <a href=\"https:\/\/www.camarapropiedadsevilla.com\/index.php\/jose-maria-jimenez-portero-sevilla\/\">Jos\u00e9 Maria Jimenez Portero <\/a>es adem\u00e1s Letrado colaborador de cursos post- master en la Universidad de Sevilla.<\/p><p><br><\/p>\n<p><\/p>\n<p><strong>SERVICIO DE ARQUITECTURA.<\/strong><\/p><p><strong><br><\/strong><\/p>\n<p><\/p>\n<p>Este servicio es atendido por D. Aurelio G\u00f3mez de Terreros Guardiola, quien pertenece a esta C\u00e1mara de la Propiedad desde su creaci\u00f3n, a\u00f1o 1.996; siendo miembro del Jurado Provincial de Expropiaciones y profesor en la Universidad de Sevilla.<\/p><p><br><\/p>\n<p><\/p>\n<p>Pasa consulta diariamente en la sede de la C\u00e1mara de la Propiedad y atiende los asuntos relacionados con la arquitectura y el urbanismo, realizando los informes, valoraciones y certificados que demandan los asociados.<\/p><p><br><\/p>\n<p><\/p>\n<p><strong>SERVICIOS INMOBILIARIOS.<\/strong><\/p><p><strong><br><\/strong><\/p>\n<p>Este Departamento inmobiliario, que viene dedicado al arrendamiento y compraventa de inmuebles, todo ello en sus diversas f\u00f3rmulas, es dirigido y gestionado por D. Pedro Oliva Molina.<\/p><p><br><\/p>\n<p><\/p>\n<p><strong>SERVICIOS ADMINISTRATIVOS.<\/strong><\/p><p><strong><br><\/strong><\/p>\n<p><\/p>\n<p>Forman el equipo de administraci\u00f3n, desde su fundaci\u00f3n en 1.996, D. Isidro Lozano Garrido y D. Daniel Garc\u00eda Acevedo.<\/p><p><br><\/p>\n<p><\/p>\n<p>Estas personas, con independencia de la atenci\u00f3n personal a los asociados, llevan a cabo, las actividades administrativas de la entidad, presentaci\u00f3n v\u00eda telem\u00e1tica de los documentos para los Juzgados y otros \u00f3rganos administrativos; tramitaci\u00f3n de requerimientos por burofax y atenci\u00f3n y seguimiento de sus tr\u00e1mites, entre otras actividades.<\/p><p><br><\/p>\n<p><\/p>\n<p><strong>ADMINISTRACI\u00d3N DE FINCAS.<\/strong><\/p><p><strong><br><\/strong><\/p>\n<p><\/p>\n<p>D. Manuel Oliva Molina, es la persona que dirige el campo de la Administraci\u00f3n de Fincas, donde se lleva a cabo la administraci\u00f3n de las comunidades de propietarios que se han asociado a esta C\u00e1mara de la Propiedad, contratando los servicios que se le ofrecen.<\/p>\n<\/div><\/div>\n\t\t\t\t<\/div>\n\t\t\t\t<\/div>\n\t\t\t\t<div class=\"elementor-element elementor-element-894a1bb elementor-widget elementor-widget-heading\" data-id=\"894a1bb\" data-element_type=\"widget\" data-widget_type=\"heading.default\">\n\t\t\t\t<div class=\"elementor-widget-container\">\n\t\t\t<h1 class=\"elementor-heading-title elementor-size-default\">Otros Servicios<\/h1>\t\t<\/div>\n\t\t\t\t<\/div>\n\t\t\t\t<div class=\"elementor-element elementor-element-eee90c8 elementor-widget elementor-widget-text-editor\" data-id=\"eee90c8\" data-element_type=\"widget\" data-widget_type=\"text-editor.default\">\n\t\t\t\t<div class=\"elementor-widget-container\">\n\t\t\t\t\t<div class=\"elementor-text-editor elementor-clearfix\"><p>Descubre los otros servicios de<\/p><p>La C\u00e1mara de la Propiedad urbana de Sevilla<\/p><\/div>\n\t\t\t\t<\/div>\n\t\t\t\t<\/div>\n\t\t\t\t<section class=\"elementor-section elementor-inner-section elementor-element elementor-element-b444774 elementor-section-boxed elementor-section-height-default elementor-section-height-default\" data-id=\"b444774\" data-element_type=\"section\" id=\"servicios\">\n\t\t\t\t\t\t<div class=\"elementor-container elementor-column-gap-no\">\n\t\t\t\t\t\t\t<div class=\"elementor-row\">\n\t\t\t\t\t<div class=\"elementor-column elementor-col-25 elementor-inner-column elementor-element elementor-element-23a3af2\" data-id=\"23a3af2\" data-element_type=\"column\" data-settings=\"{&quot;background_background&quot;:&quot;classic&quot;}\">\n\t\t\t<div class=\"elementor-column-wrap elementor-element-populated\">\n\t\t\t\t\t\t\t<div class=\"elementor-widget-wrap\">\n\t\t\t\t\t\t<div class=\"elementor-element elementor-element-0ea6ad3 elementor-widget elementor-widget-heading\" data-id=\"0ea6ad3\" data-element_type=\"widget\" data-widget_type=\"heading.default\">\n\t\t\t\t<div class=\"elementor-widget-container\">\n\t\t\t<h2 class=\"elementor-heading-title elementor-size-default\"><a href=\"\/index.php\/asesoria-legal-y-juridica\/\">[ ASESOR\u00cdA LEGAL<br> Y JUR\u00cdDICA ]<\/a><\/h2>\t\t<\/div>\n\t\t\t\t<\/div>\n\t\t\t\t\t\t<\/div>\n\t\t\t\t\t<\/div>\n\t\t<\/div>\n\t\t\t\t<div class=\"elementor-column elementor-col-25 elementor-inner-column elementor-element elementor-element-5c49cce\" data-id=\"5c49cce\" data-element_type=\"column\" data-settings=\"{&quot;background_background&quot;:&quot;classic&quot;}\">\n\t\t\t<div class=\"elementor-column-wrap elementor-element-populated\">\n\t\t\t\t\t\t\t<div class=\"elementor-widget-wrap\">\n\t\t\t\t\t\t<div class=\"elementor-element elementor-element-bdaa3bd elementor-widget elementor-widget-heading\" data-id=\"bdaa3bd\" data-element_type=\"widget\" data-widget_type=\"heading.default\">\n\t\t\t\t<div class=\"elementor-widget-container\">\n\t\t\t<h2 class=\"elementor-heading-title elementor-size-default\"><a href=\"\/index.php\/servicio-de-arquitectura\">[ SERVICIOS DE<br>ARQUITECTURA ]<\/a><\/h2>\t\t<\/div>\n\t\t\t\t<\/div>\n\t\t\t\t\t\t<\/div>\n\t\t\t\t\t<\/div>\n\t\t<\/div>\n\t\t\t\t<div class=\"elementor-column elementor-col-25 elementor-inner-column elementor-element elementor-element-7281532\" data-id=\"7281532\" data-element_type=\"column\" data-settings=\"{&quot;background_background&quot;:&quot;classic&quot;}\">\n\t\t\t<div class=\"elementor-column-wrap elementor-element-populated\">\n\t\t\t\t\t\t\t<div class=\"elementor-widget-wrap\">\n\t\t\t\t\t\t<div class=\"elementor-element elementor-element-bdcb1ee elementor-widget elementor-widget-heading\" data-id=\"bdcb1ee\" data-element_type=\"widget\" data-widget_type=\"heading.default\">\n\t\t\t\t<div class=\"elementor-widget-container\">\n\t\t\t<h2 class=\"elementor-heading-title elementor-size-default\"><a href=\"index.php\/intermediacion-inmobiliaria\">[INTERMEDIACI\u00d3N<br>INMOBILIARIA]<\/a><\/h2>\t\t<\/div>\n\t\t\t\t<\/div>\n\t\t\t\t\t\t<\/div>\n\t\t\t\t\t<\/div>\n\t\t<\/div>\n\t\t\t\t<div class=\"elementor-column elementor-col-25 elementor-inner-column elementor-element elementor-element-81819e9\" data-id=\"81819e9\" data-element_type=\"column\" data-settings=\"{&quot;background_background&quot;:&quot;classic&quot;}\">\n\t\t\t<div class=\"elementor-column-wrap elementor-element-populated\">\n\t\t\t\t\t\t\t<div class=\"elementor-widget-wrap\">\n\t\t\t\t\t\t<div class=\"elementor-element elementor-element-e40357b elementor-widget elementor-widget-heading\" data-id=\"e40357b\" data-element_type=\"widget\" data-widget_type=\"heading.default\">\n\t\t\t\t<div class=\"elementor-widget-container\">\n\t\t\t<h2 class=\"elementor-heading-title elementor-size-default\"><a href=\"index.php\/administracion-de-fincas\">[ADMINISTRACI\u00d3N <br> DE FINCAS]<\/a><\/h2>\t\t<\/div>\n\t\t\t\t<\/div>\n\t\t\t\t\t\t<\/div>\n\t\t\t\t\t<\/div>\n\t\t<\/div>\n\t\t\t\t\t\t\t\t<\/div>\n\t\t\t\t\t<\/div>\n\t\t<\/section>\n\t\t\t\t\t\t<\/div>\n\t\t\t\t\t<\/div>\n\t\t<\/div>\n\t\t\t\t\t\t\t\t<\/div>\n\t\t\t\t\t<\/div>\n\t\t<\/section>\n\t\t\t\t<section class=\"elementor-section elementor-top-section elementor-element elementor-element-3684b62 elementor-section-full_width elementor-section-height-min-height elementor-section-height-default elementor-section-items-middle\" data-id=\"3684b62\" data-element_type=\"section\" data-settings=\"{&quot;background_background&quot;:&quot;classic&quot;,&quot;background_motion_fx_motion_fx_scrolling&quot;:&quot;yes&quot;,&quot;background_motion_fx_translateY_effect&quot;:&quot;yes&quot;,&quot;background_motion_fx_translateY_speed&quot;:{&quot;unit&quot;:&quot;px&quot;,&quot;size&quot;:8.7,&quot;sizes&quot;:[]},&quot;background_motion_fx_translateY_affectedRange&quot;:{&quot;unit&quot;:&quot;%&quot;,&quot;size&quot;:&quot;&quot;,&quot;sizes&quot;:{&quot;start&quot;:0,&quot;end&quot;:100}},&quot;background_motion_fx_devices&quot;:[&quot;desktop&quot;,&quot;tablet&quot;,&quot;mobile&quot;]}\">\n\t\t\t\t\t\t<div class=\"elementor-container elementor-column-gap-default\">\n\t\t\t\t\t\t\t<div class=\"elementor-row\">\n\t\t\t\t\t<div class=\"elementor-column elementor-col-33 elementor-top-column elementor-element elementor-element-74f3676\" data-id=\"74f3676\" data-element_type=\"column\">\n\t\t\t<div class=\"elementor-column-wrap\">\n\t\t\t\t\t\t\t<div class=\"elementor-widget-wrap\">\n\t\t\t\t\t\t\t\t<\/div>\n\t\t\t\t\t<\/div>\n\t\t<\/div>\n\t\t\t\t<div class=\"elementor-column elementor-col-33 elementor-top-column elementor-element elementor-element-b098c39\" data-id=\"b098c39\" data-element_type=\"column\" data-settings=\"{&quot;background_background&quot;:&quot;classic&quot;}\">\n\t\t\t<div class=\"elementor-column-wrap elementor-element-populated\">\n\t\t\t\t\t\t\t<div class=\"elementor-widget-wrap\">\n\t\t\t\t\t\t<div class=\"elementor-element elementor-element-30782b93 elementor-widget elementor-widget-heading\" data-id=\"30782b93\" data-element_type=\"widget\" data-widget_type=\"heading.default\">\n\t\t\t\t<div class=\"elementor-widget-container\">\n\t\t\t<h2 class=\"elementor-heading-title elementor-size-default\">\u00bfQuieres vender o alquilar <br>tu casa en Sevilla? <\/h2>\t\t<\/div>\n\t\t\t\t<\/div>\n\t\t\t\t<div class=\"elementor-element elementor-element-4e84ca9 elementor-widget elementor-widget-heading\" data-id=\"4e84ca9\" data-element_type=\"widget\" data-widget_type=\"heading.default\">\n\t\t\t\t<div class=\"elementor-widget-container\">\n\t\t\t<h5 class=\"elementor-heading-title elementor-size-default\">Deja en buenas manos tu propiedad, conf\u00eda en la C\u00e1mara de la Propiedad urbana de Sevilla. Te ayudamos con tu vivienda <img draggable=\"false\" role=\"img\" class=\"emoji\" alt=\"\ud83c\udfe0\" src=\"https:\/\/s.w.org\/images\/core\/emoji\/13.1.0\/svg\/1f3e0.svg\"><a href=\"https:\/\/emojipedia.org\/red-heart\/\" data-ved=\"2ahUKEwiblaj-uvP2AhXEzIUKHcFpDo0QFnoECBYQAQ\" ping=\"\/url?sa=t&amp;source=web&amp;rct=j&amp;url=https:\/\/emojipedia.org\/red-heart\/&amp;ved=2ahUKEwiblaj-uvP2AhXEzIUKHcFpDo0QFnoECBYQAQ\" style=\"color: rgb(26, 13, 171); text-decoration-line: underline; -webkit-tap-highlight-color: rgba(0, 0, 0, 0.1); outline: 0px; font-family: arial, sans-serif; font-size: small; letter-spacing: normal; white-space: normal; background-color: rgb(255, 255, 255);\"><h3 class=\"LC20lb MBeuO DKV0Md\" style=\"font-weight: normal; margin-bottom: 3px; padding-top: 5px; font-size: 20px; line-height: 1.3; font-family: arial, sans-serif; display: inline-block;\"><img draggable=\"false\" role=\"img\" class=\"emoji\" alt=\"\u2764\ufe0f\" src=\"https:\/\/s.w.org\/images\/core\/emoji\/13.1.0\/svg\/2764.svg\"><\/h3><\/a><\/h5>\t\t<\/div>\n\t\t\t\t<\/div>\n\t\t\t\t<div class=\"elementor-element elementor-element-e485e80 elementor-button-align-stretch elementor-widget elementor-widget-form\" data-id=\"e485e80\" data-element_type=\"widget\" data-settings=\"{&quot;step_next_label&quot;:&quot;Next&quot;,&quot;step_previous_label&quot;:&quot;Previous&quot;,&quot;button_width&quot;:&quot;100&quot;,&quot;step_type&quot;:&quot;number_text&quot;,&quot;step_icon_shape&quot;:&quot;circle&quot;}\" data-widget_type=\"form.default\">\n\t\t\t\t<div class=\"elementor-widget-container\">\n\t\t\t\t\t<form class=\"elementor-form\" method=\"post\" name=\"New Form\">\n\t\t\t<input type=\"hidden\" name=\"post_id\" value=\"2037\"\/>\n\t\t\t<input type=\"hidden\" name=\"form_id\" value=\"e485e80\"\/>\n\n\t\t\t\n\t\t\t<div class=\"elementor-form-fields-wrapper elementor-labels-\">\n\t\t\t\t\t\t\t\t<div class=\"elementor-field-type-text elementor-field-group elementor-column elementor-field-group-name elementor-col-100\">\n\t\t\t\t\t<label for=\"form-field-name\" class=\"elementor-field-label elementor-screen-only\">Nombre<\/label><input size=\"1\" type=\"text\" name=\"form_fields[name]\" id=\"form-field-name\" class=\"elementor-field elementor-size-lg  elementor-field-textual\" placeholder=\"Nombre\">\t\t\t\t<\/div>\n\t\t\t\t\t\t\t\t<div class=\"elementor-field-type-email elementor-field-group elementor-column elementor-field-group-email elementor-col-100 elementor-field-required\">\n\t\t\t\t\t<label for=\"form-field-email\" class=\"elementor-field-label elementor-screen-only\">Email<\/label><input size=\"1\" type=\"email\" name=\"form_fields[email]\" id=\"form-field-email\" class=\"elementor-field elementor-size-lg  elementor-field-textual\" placeholder=\"Email\" required=\"required\" aria-required=\"true\">\t\t\t\t<\/div>\n\t\t\t\t\t\t\t\t<div class=\"elementor-field-type-textarea elementor-field-group elementor-column elementor-field-group-field_e815c9c elementor-col-100\">\n\t\t\t\t\t<label for=\"form-field-field_e815c9c\" class=\"elementor-field-label elementor-screen-only\">\u00bfQuieres decirnos algo?<\/label><textarea class=\"elementor-field-textual elementor-field  elementor-size-lg\" name=\"form_fields[field_e815c9c]\" id=\"form-field-field_e815c9c\" rows=\"4\" placeholder=\"\u00bfQuieres decirnos algo?\"><\/textarea>\t\t\t\t<\/div>\n\t\t\t\t\t\t\t\t<div class=\"elementor-field-group elementor-column elementor-field-type-submit elementor-col-100 e-form__buttons\">\n\t\t\t\t\t<button type=\"submit\" class=\"elementor-button elementor-size-xs\">\n\t\t\t\t\t\t<span >\n\t\t\t\t\t\t\t\t\t\t\t\t\t\t\t<span class=\" elementor-button-icon\">\n\t\t\t\t\t\t\t\t\t\t\t\t\t\t\t\t\t\t\t\t\t\t\t\t\t\t<\/span>\n\t\t\t\t\t\t\t\t\t\t\t\t\t\t\t\t\t\t\t\t\t\t<span class=\"elementor-button-text\">Contacta ahora con nosotros<\/span>\n\t\t\t\t\t\t\t\t\t\t\t\t\t<\/span>\n\t\t\t\t\t<\/button>\n\t\t\t\t<\/div>\n\t\t\t<\/div>\n\t\t<\/form>\n\t\t\t\t<\/div>\n\t\t\t\t<\/div>\n\t\t\t\t\t\t<\/div>\n\t\t\t\t\t<\/div>\n\t\t<\/div>\n\t\t\t\t<div class=\"elementor-column elementor-col-33 elementor-top-column elementor-element elementor-element-688375c\" data-id=\"688375c\" data-element_type=\"column\">\n\t\t\t<div class=\"elementor-column-wrap\">\n\t\t\t\t\t\t\t<div class=\"elementor-widget-wrap\">\n\t\t\t\t\t\t\t\t<\/div>\n\t\t\t\t\t<\/div>\n\t\t<\/div>\n\t\t\t\t\t\t\t\t<\/div>\n\t\t\t\t\t<\/div>\n\t\t<\/section>\n\t\t\t\t<section class=\"elementor-section elementor-top-section elementor-element elementor-element-de6f8a4 elementor-section-full_width elementor-section-content-top elementor-section-height-default elementor-section-height-default\" data-id=\"de6f8a4\" data-element_type=\"section\" data-settings=\"{&quot;background_background&quot;:&quot;classic&quot;,&quot;background_motion_fx_motion_fx_scrolling&quot;:&quot;yes&quot;,&quot;background_motion_fx_translateY_effect&quot;:&quot;yes&quot;,&quot;background_motion_fx_translateY_speed&quot;:{&quot;unit&quot;:&quot;px&quot;,&quot;size&quot;:8.7,&quot;sizes&quot;:[]},&quot;background_motion_fx_translateY_affectedRange&quot;:{&quot;unit&quot;:&quot;%&quot;,&quot;size&quot;:&quot;&quot;,&quot;sizes&quot;:{&quot;start&quot;:0,&quot;end&quot;:100}},&quot;background_motion_fx_devices&quot;:[&quot;desktop&quot;,&quot;tablet&quot;,&quot;mobile&quot;]}\">\n\t\t\t\t\t\t<div class=\"elementor-container elementor-column-gap-default\">\n\t\t\t\t\t\t\t<div class=\"elementor-row\">\n\t\t\t\t\t<div class=\"elementor-column elementor-col-100 elementor-top-column elementor-element elementor-element-8cb59ae\" data-id=\"8cb59ae\" data-element_type=\"column\">\n\t\t\t<div class=\"elementor-column-wrap elementor-element-populated\">\n\t\t\t\t\t\t\t<div class=\"elementor-widget-wrap\">\n\t\t\t\t\t\t<div class=\"elementor-element elementor-element-bcaf9d0 elementor-widget__width-inherit elementor-widget elementor-widget-google_maps\" data-id=\"bcaf9d0\" data-element_type=\"widget\" data-settings=\"{&quot;motion_fx_motion_fx_mouse&quot;:&quot;yes&quot;}\" data-widget_type=\"google_maps.default\">\n\t\t\t\t<div class=\"elementor-widget-container\">\n\t\t\t<div class=\"elementor-custom-embed\"><iframe frameborder=\"0\" scrolling=\"no\" marginheight=\"0\" marginwidth=\"0\" src=\"https:\/\/maps.google.com\/maps?q=C%C3%A1mara%20de%20la%20Propiedad%20Urbana%20de%20Sevilla&amp;t=m&amp;z=18&amp;output=embed&amp;iwloc=near\" title=\"C\u00e1mara de la Propiedad Urbana de Sevilla\" aria-label=\"C\u00e1mara de la Propiedad Urbana de Sevilla\"><\/iframe><\/div>\t\t<\/div>\n\t\t\t\t<\/div>\n\t\t\t\t\t\t<\/div>\n\t\t\t\t\t<\/div>\n\t\t<\/div>\n\t\t\t\t\t\t\t\t<\/div>\n\t\t\t\t\t<\/div>\n\t\t<\/section>\n\t\t\t\t<section class=\"elementor-section elementor-top-section elementor-element elementor-element-228928c elementor-section-full_width elementor-section-height-min-height elementor-section-height-default elementor-section-items-middle\" data-id=\"228928c\" data-element_type=\"section\" data-settings=\"{&quot;background_background&quot;:&quot;classic&quot;,&quot;background_motion_fx_motion_fx_scrolling&quot;:&quot;yes&quot;,&quot;background_motion_fx_translateY_effect&quot;:&quot;yes&quot;,&quot;background_motion_fx_translateY_speed&quot;:{&quot;unit&quot;:&quot;px&quot;,&quot;size&quot;:8.7,&quot;sizes&quot;:[]},&quot;background_motion_fx_translateY_affectedRange&quot;:{&quot;unit&quot;:&quot;%&quot;,&quot;size&quot;:&quot;&quot;,&quot;sizes&quot;:{&quot;start&quot;:0,&quot;end&quot;:100}},&quot;background_motion_fx_devices&quot;:[&quot;desktop&quot;,&quot;tablet&quot;,&quot;mobile&quot;]}\">\n\t\t\t\t\t\t<div class=\"elementor-container elementor-column-gap-default\">\n\t\t\t\t\t\t\t<div class=\"elementor-row\">\n\t\t\t\t\t<div class=\"elementor-column elementor-col-100 elementor-top-column elementor-element elementor-element-b5a7d85\" data-id=\"b5a7d85\" data-element_type=\"column\">\n\t\t\t<div class=\"elementor-column-wrap elementor-element-populated\">\n\t\t\t\t\t\t\t<div class=\"elementor-widget-wrap\">\n\t\t\t\t\t\t<div class=\"elementor-element elementor-element-add5987 elementor-widget elementor-widget-image\" data-id=\"add5987\" data-element_type=\"widget\" data-widget_type=\"image.default\">\n\t\t\t\t<div class=\"elementor-widget-container\">\n\t\t\t\t\t<div class=\"elementor-image\">\n\t\t\t\t\t\t\t\t\t\t<img width=\"272\" height=\"400\" src=\"https:\/\/www.camarapropiedadsevilla.com\/wp-content\/uploads\/2022\/04\/logo_camara_propiedad_sevilla-1.png\" class=\"attachment-full size-full\" alt=\"\" loading=\"lazy\" srcset=\"https:\/\/www.camarapropiedadsevilla.com\/wp-content\/uploads\/2022\/04\/logo_camara_propiedad_sevilla-1.png 272w, https:\/\/www.camarapropiedadsevilla.com\/wp-content\/uploads\/2022\/04\/logo_camara_propiedad_sevilla-1-204x300.png 204w\" sizes=\"(max-width: 272px) 100vw, 272px\" style=\"width:100%;height:147.06%;max-width:272px;\" \/>\t\t\t\t\t\t\t\t\t\t\t<\/div>\n\t\t\t\t<\/div>\n\t\t\t\t<\/div>\n\t\t\t\t<div class=\"elementor-element elementor-element-ef5a558 elementor-widget elementor-widget-text-editor\" data-id=\"ef5a558\" data-element_type=\"widget\" data-widget_type=\"text-editor.default\">\n\t\t\t\t<div class=\"elementor-widget-container\">\n\t\t\t\t\t<div class=\"elementor-text-editor elementor-clearfix\"><p>\u00bfD\u00f3nde estamos?<\/p><p>C\/ Imagen, 6-3\u00ba D 41003 Sevilla<\/p><p><img class=\"emoji\" role=\"img\" draggable=\"false\" src=\"https:\/\/s.w.org\/images\/core\/emoji\/13.1.0\/svg\/260e.svg\" alt=\"\u260e\ufe0f\" \/> [ +34 ] 954 21 16 00<br \/><img class=\"emoji\" role=\"img\" draggable=\"false\" src=\"https:\/\/s.w.org\/images\/core\/emoji\/13.1.0\/svg\/1f4f1.svg\" alt=\"\ud83d\udcf1\" \/> [ +34 ] 656 998 991<br \/><img class=\"emoji\" role=\"img\" draggable=\"false\" src=\"https:\/\/s.w.org\/images\/core\/emoji\/13.1.0\/svg\/1f4e7.svg\" alt=\"\ud83d\udce7\" \/> info@propiedadurbanasevilla.com<\/p><p>\u00a0<\/p><\/div>\n\t\t\t\t<\/div>\n\t\t\t\t<\/div>\n\t\t\t\t<div class=\"elementor-element elementor-element-a4e3845 elementor-shape-rounded elementor-grid-0 elementor-widget elementor-widget-social-icons\" data-id=\"a4e3845\" data-element_type=\"widget\" data-widget_type=\"social-icons.default\">\n\t\t\t\t<div class=\"elementor-widget-container\">\n\t\t\t\t\t<div class=\"elementor-social-icons-wrapper elementor-grid\">\n\t\t\t\t\t\t\t<div class=\"elementor-grid-item\">\n\t\t\t\t\t<a class=\"elementor-icon elementor-social-icon elementor-social-icon-facebook elementor-repeater-item-f4fccd0\" href=\"https:\/\/www.facebook.com\/camaradelapropiedadurbanadesevilla\" target=\"_blank\">\n\t\t\t\t\t\t<span class=\"elementor-screen-only\">Facebook<\/span>\n\t\t\t\t\t\t<i class=\"fab fa-facebook\"><\/i>\t\t\t\t\t<\/a>\n\t\t\t\t<\/div>\n\t\t\t\t\t\t\t<div class=\"elementor-grid-item\">\n\t\t\t\t\t<a class=\"elementor-icon elementor-social-icon elementor-social-icon-twitter elementor-repeater-item-8c4e33b\" href=\"https:\/\/twitter.com\/camarapropsev\" target=\"_blank\">\n\t\t\t\t\t\t<span class=\"elementor-screen-only\">Twitter<\/span>\n\t\t\t\t\t\t<i class=\"fab fa-twitter\"><\/i>\t\t\t\t\t<\/a>\n\t\t\t\t<\/div>\n\t\t\t\t\t<\/div>\n\t\t\t\t<\/div>\n\t\t\t\t<\/div>\n\t\t\t\t<div class=\"elementor-element elementor-element-377913f elementor-widget elementor-widget-image\" data-id=\"377913f\" data-element_type=\"widget\" data-widget_type=\"image.default\">\n\t\t\t\t<div class=\"elementor-widget-container\">\n\t\t\t\t\t<div class=\"elementor-image\">\n\t\t\t\t\t\t\t\t\t\t<img width=\"1920\" height=\"465\" src=\"https:\/\/www.camarapropiedadsevilla.com\/wp-content\/uploads\/2022\/03\/sevilla-skyline-propiedad.jpg\" class=\"attachment-2048x2048 size-2048x2048\" alt=\"\" loading=\"lazy\" srcset=\"https:\/\/www.camarapropiedadsevilla.com\/wp-content\/uploads\/2022\/03\/sevilla-skyline-propiedad.jpg 1920w, https:\/\/www.camarapropiedadsevilla.com\/wp-content\/uploads\/2022\/03\/sevilla-skyline-propiedad-300x73.jpg 300w, https:\/\/www.camarapropiedadsevilla.com\/wp-content\/uploads\/2022\/03\/sevilla-skyline-propiedad-1024x248.jpg 1024w, https:\/\/www.camarapropiedadsevilla.com\/wp-content\/uploads\/2022\/03\/sevilla-skyline-propiedad-768x186.jpg 768w, https:\/\/www.camarapropiedadsevilla.com\/wp-content\/uploads\/2022\/03\/sevilla-skyline-propiedad-1536x372.jpg 1536w, https:\/\/www.camarapropiedadsevilla.com\/wp-content\/uploads\/2022\/03\/sevilla-skyline-propiedad-1568x380.jpg 1568w\" sizes=\"(max-width: 1920px) 100vw, 1920px\" style=\"width:100%;height:24.22%;max-width:1920px;\" \/>\t\t\t\t\t\t\t\t\t\t\t<\/div>\n\t\t\t\t<\/div>\n\t\t\t\t<\/div>\n\t\t\t\t\t\t<\/div>\n\t\t\t\t\t<\/div>\n\t\t<\/div>\n\t\t\t\t\t\t\t\t<\/div>\n\t\t\t\t\t<\/div>\n\t\t<\/section>\n\t\t\t\t\t\t<\/div>\n\t\t\t\t\t\t<\/div>\n\t\t\t\t\t<\/div>\n\t\t","protected":false},"excerpt":{"rendered":"<p>Nuestro equipo de profesionales D. Jos\u00e9 Mar\u00eda Jim\u00e9nez Portero D. Jos\u00e9 Mar\u00eda Jim\u00e9nez Portero &#8211; Abogado Do\u00f1a Isabela Blanco Toajas Procuradora D. Ferm\u00edn S\u00e1nchez L\u00f3pez Abogado D. Aurelio G\u00f3mez De Terreros Guardiola Arquitecto D. Pedro Oliva Molina Departamento Inmobiliario D. Manuel Oliva Molina Administraci\u00f3n Fincas D. Isidro Lozano Garrido Administraci\u00f3n camara-equipo-8 ASESOR\u00cdA Y SERVICIOS JUR\u00cdDICOS.&nbsp;&hellip; <a class=\"more-link\" href=\"https:\/\/www.camarapropiedadsevilla.com\/index.php\/equipo-de-expertos-inmobiliarios\/\">Seguir leyendo <span class=\"screen-reader-text\">Equipo de expertos inmobiliarios<\/span><\/a><\/p>\n","protected":false},"author":1,"featured_media":0,"parent":0,"menu_order":0,"comment_status":"closed","ping_status":"closed","template":"elementor_canvas","meta":[],"_links":{"self":[{"href":"https:\/\/www.camarapropiedadsevilla.com\/index.php\/wp-json\/wp\/v2\/pages\/2037"}],"collection":[{"href":"https:\/\/www.camarapropiedadsevilla.com\/index.php\/wp-json\/wp\/v2\/pages"}],"about":[{"href":"https:\/\/www.camarapropiedadsevilla.com\/index.php\/wp-json\/wp\/v2\/types\/page"}],"author":[{"embeddable":true,"href":"https:\/\/www.camarapropiedadsevilla.com\/index.php\/wp-json\/wp\/v2\/users\/1"}],"replies":[{"embeddable":true,"href":"https:\/\/www.camarapropiedadsevilla.com\/index.php\/wp-json\/wp\/v2\/comments?post=2037"}],"version-history":[{"count":14,"href":"https:\/\/www.camarapropiedadsevilla.com\/index.php\/wp-json\/wp\/v2\/pages\/2037\/revisions"}],"predecessor-version":[{"id":2240,"href":"https:\/\/www.camarapropiedadsevilla.com\/index.php\/wp-json\/wp\/v2\/pages\/2037\/revisions\/2240"}],"wp:attachment":[{"href":"https:\/\/www.camarapropiedadsevilla.com\/index.php\/wp-json\/wp\/v2\/media?parent=2037"}],"curies":[{"name":"wp","href":"https:\/\/api.w.org\/{rel}","templated":true}]}}